{"id":19,"date":"2024-06-18T10:55:06","date_gmt":"2024-06-18T10:55:06","guid":{"rendered":"https:\/\/40882340.servicio-online.net\/wp\/?page_id=19"},"modified":"2024-06-21T10:07:01","modified_gmt":"2024-06-21T10:07:01","slug":"aspw-euskadi","status":"publish","type":"page","link":"https:\/\/aspweuskadi.org\/?page_id=19","title":{"rendered":"ASPW Euskadi"},"content":{"rendered":"\n<p class=\"has-text-align-center wp-block-paragraph\"><strong>Asociaci\u00f3n S\u00edndrome de Prader-Willi\u00a0Euskadi<\/strong><\/p>\n\n\n\n<p class=\"has-text-align-right wp-block-paragraph\"><a href=\"https:\/\/aspweuskadi.org\/?page_id=26\" data-type=\"page\" data-id=\"26\">EUS<\/a><\/p>\n\n\n\n<figure class=\"wp-block-image size-full is-resized\"><img loading=\"lazy\" decoding=\"async\" width=\"481\" height=\"350\" src=\"https:\/\/aspweuskadi.org\/wp-content\/uploads\/2024\/06\/ASPWE.png\" alt=\"\" class=\"wp-image-21\" style=\"width:186px;height:auto\" srcset=\"https:\/\/aspweuskadi.org\/wp-content\/uploads\/2024\/06\/ASPWE.png 481w, https:\/\/aspweuskadi.org\/wp-content\/uploads\/2024\/06\/ASPWE-300x218.png 300w\" sizes=\"auto, (max-width: 481px) 100vw, 481px\" \/><\/figure>\n\n\n\n<p class=\"wp-block-paragraph\"><strong>\u00bfQu\u00e9 es el SPW?<\/strong><\/p>\n\n\n\n<p class=\"wp-block-paragraph\">El s\u00edndrome de Prader-Willi&nbsp;es una condici\u00f3n gen\u00e9tica compleja. Se da, seg\u00fan estudios entre 1 de cada 15.000 a 25.000 nacimientos, afecta a todas las razas y a ambos sexos por igual.<\/p>\n\n\n\n<p class=\"wp-block-paragraph\">&nbsp;<strong>Causa<\/strong><strong><\/strong><\/p>\n\n\n\n<p class=\"wp-block-paragraph\">Es una condici\u00f3n gen\u00e9tica que afecta a una regi\u00f3n espec\u00edfica del cromosoma 15.<\/p>\n\n\n\n<p class=\"wp-block-paragraph\">Ocurre generalmente, como evento aislado en la familia y el riesgo de tener otro hijo con el s\u00edndrome es bajo.<\/p>\n\n\n\n<p class=\"wp-block-paragraph\"><strong>Sintomas<\/strong><strong>&nbsp;generales del&nbsp;Sindrome&nbsp;Prader&nbsp;Willi.<\/strong><strong><\/strong><\/p>\n\n\n\n<p class=\"wp-block-paragraph\">\u00b7&nbsp;&nbsp;Hiperfagia o sensaci\u00f3n continuada de hambre y necesidad continua de comer, aunque los primeros meses suele haber un periodo de dificultad para alimentarse.<\/p>\n\n\n\n<p class=\"wp-block-paragraph\">\u00b7&nbsp;&nbsp;Adem\u00e1s, necesitan menos calor\u00edas para mantener un peso adecuado. Se cree que esto se debe a una disminuci\u00f3n del tono y volumen muscular bajo y por tanto a una menor actividad f\u00edsica.<\/p>\n\n\n\n<p class=\"wp-block-paragraph\">\u00b7&nbsp;&nbsp;Discapacidad intelectual: el aprendizaje, el desarrollo social y cognitivo se retrasan y deterioran. Aunque existe una amplia variabilidad en las capacidades. Las personas con s\u00edndrome de Prader-Willi&nbsp;pueden tener otras deficiencias espec\u00edficas que afectan su funcionamiento social, su memoria de trabajo y su capacidad para cambiar su atenci\u00f3n de una tarea a otra.<\/p>\n\n\n\n<p class=\"wp-block-paragraph\">\u00b7&nbsp;&nbsp;Problemas conductuales, asociados a la rigidez mental y problemas de funcionamiento social.<\/p>\n\n\n\n<p class=\"wp-block-paragraph\">\u00b7&nbsp;&nbsp;A menudo desarrollan escoliosis (curvatura de la columna en forma de S).<\/p>\n\n\n\n<p class=\"wp-block-paragraph\">\u00b7&nbsp;&nbsp;Muchas personas con s\u00edndrome de Prader-Willi&nbsp;suelen tener una coloraci\u00f3n m\u00e1s clara del cabello, los ojos y la piel en comparaci\u00f3n con otros miembros de la familia.<\/p>\n\n\n\n<p class=\"wp-block-paragraph\">\u00b7&nbsp;&nbsp;Suelen tener una estatura baja en comparaci\u00f3n con la altura de la familia y manos y pies peque\u00f1os.<\/p>\n\n\n\n<p class=\"wp-block-paragraph\">\u00b7&nbsp;&nbsp;Otros s\u00edntomas que suelen encontrarse a menudo est\u00e1n relacionados con:<\/p>\n\n\n\n<p class=\"wp-block-paragraph\">o&nbsp;&nbsp;Desarrollo sexual incompleto,<\/p>\n\n\n\n<p class=\"wp-block-paragraph\">o&nbsp;&nbsp;Dificultadas de habla y lenguaje<\/p>\n\n\n\n<p class=\"wp-block-paragraph\">o&nbsp;&nbsp;Alto umbral de dolor<\/p>\n\n\n\n<p class=\"wp-block-paragraph\">o&nbsp;&nbsp;Rascado continuo<\/p>\n\n\n\n<p class=\"wp-block-paragraph\">o&nbsp;&nbsp;Somnolencia<\/p>\n\n\n\n<p class=\"wp-block-paragraph\">El s\u00edndrome de Prader-Willi&nbsp;generalmente se sospecha sobre la base de los signos y s\u00edntomas cl\u00ednicos (ver arriba) y se confirma mediante pruebas gen\u00e9ticas.&nbsp;<\/p>\n\n\n\n<p class=\"wp-block-paragraph\">Actualmente no existe cura para el s\u00edndrome de Prader-Willi, ni existe un f\u00e1rmaco que pueda prescribirse para aliviar todos los s\u00edntomas y no se conoce ning\u00fan tratamiento para disminuir el deseo de comer, aunque se est\u00e1n realizando muchas investigaciones al respecto.<\/p>\n\n\n\n<p class=\"wp-block-paragraph\">Sin embargo, las vidas de las personas con s\u00edndrome de Prader-Willi&nbsp;pueden mejorarse en gran manera con los apoyos adecuados si tienen un conocimiento s\u00f3lido del s\u00edndrome.<\/p>\n\n\n\n<p class=\"wp-block-paragraph\">El tratamiento es principalmente sintom\u00e1tico y lo m\u00e1s importante consiste en:<\/p>\n\n\n\n<p class=\"wp-block-paragraph\">\u00b7&nbsp;&nbsp;Diagn\u00f3stico temprano, informarse y apoyo temprano.<\/p>\n\n\n\n<p class=\"wp-block-paragraph\">\u00b7&nbsp;&nbsp;Control de peso de por vida. (Dieta y ejercicio)<\/p>\n\n\n\n<p class=\"wp-block-paragraph\">\u00b7&nbsp;&nbsp;Tratamiento con hormona del crecimiento cuando y como lo indiquen los m\u00e9dicos especialistas.<\/p>\n\n\n\n<p class=\"wp-block-paragraph\">\u00b7&nbsp;&nbsp;estrategias y apoyos para la gesti\u00f3n de problemas de conducta<\/p>\n\n\n\n<p class=\"wp-block-paragraph\">Con el apoyo y la informaci\u00f3n adecuados y el manejo eficaz de aspectos espec\u00edficos del s\u00edndrome, las personas con s\u00edndrome de Prader-Willi&nbsp;pueden esperar vivir vidas saludables y cada vez m\u00e1s largas.<\/p>\n\n\n\n<p class=\"wp-block-paragraph\"><strong>\u00bfQuienes&nbsp;Somos?<\/strong><\/p>\n\n\n\n<p class=\"wp-block-paragraph\">Somos un grupo de familiares afectados por el S\u00edndrome en el entorno del Pa\u00eds Vasco.<\/p>\n\n\n\n<p class=\"wp-block-paragraph\"><strong><u>Nuestros objetivos principales son<\/u><\/strong><strong>:<\/strong><strong><\/strong><\/p>\n\n\n\n<p class=\"wp-block-paragraph\">\u00b7&nbsp;&nbsp;Proporcionar informaci\u00f3n, orientaci\u00f3n y apoyo a las familias afectada.<\/p>\n\n\n\n<p class=\"wp-block-paragraph\">\u00b7&nbsp;&nbsp;Contribuir a la mejora de la asistencia sanitaria y social de las personas afectadas. Promover la creaci\u00f3n de servicios especializados y coordinados entre s\u00ed en el \u00e1mbito territorial de Euskadi.<\/p>\n\n\n\n<p class=\"wp-block-paragraph\">\u00b7&nbsp;&nbsp;Promover, velar, difundir los derechos sociales y civiles de las personas y familias afectadas.<\/p>\n\n\n\n<p class=\"wp-block-paragraph\">\u00b7&nbsp;&nbsp;Promover y crear espacios de inserci\u00f3n de ocio, educacionales, residenciales&nbsp;etc&#8230;para los afectados<\/p>\n\n\n\n<p class=\"wp-block-paragraph\">\u00b7&nbsp;&nbsp;Facilitar la apropiada relaci\u00f3n con otros grupos y asociaciones del entorno auton\u00f3mico, nacional e internacional.<\/p>\n\n\n\n<p class=\"wp-block-paragraph\"><strong>Otras instituciones y asociaciones de inter\u00e9s:<\/strong><\/p>\n\n\n\n<p class=\"wp-block-paragraph\">\u00b7&nbsp;&nbsp;<a href=\"https:\/\/www.sindromepraderwilli.org\/\">Asociaci\u00f3n Espa\u00f1ola&nbsp;Sindrome&nbsp;PRader&nbsp;Willi<\/a><\/p>\n\n\n\n<p class=\"wp-block-paragraph\">\u00b7&nbsp;&nbsp;<a href=\"https:\/\/www.asebier.org\/\">Asebier<\/a>&nbsp;Asociaci\u00f3n Euskadi&nbsp;Elkartea&nbsp;Enfermedades Raras EBH<\/p>\n\n\n\n<p class=\"wp-block-paragraph\">\u00b7&nbsp;&nbsp;<a href=\"https:\/\/gorabide.com\/\">Gorabide<\/a><\/p>\n\n\n\n<p class=\"wp-block-paragraph\">\u00b7&nbsp;&nbsp;<a href=\"https:\/\/www.apnabi.eus\/\">Apnabi<\/a>&nbsp;Autismo Bizkaia<\/p>\n\n\n\n<p class=\"wp-block-paragraph\">\u00b7&nbsp;&nbsp;<a href=\"https:\/\/gaude.eus\/\">Gaude<\/a><\/p>\n\n\n\n<p class=\"wp-block-paragraph\">\u00b7&nbsp;&nbsp;<a href=\"https:\/\/ipwso.org\/\">IPWS<\/a>&nbsp;International Prader-Willi&nbsp;Oranisation<\/p>\n\n\n\n<p class=\"wp-block-paragraph\">\u00b7&nbsp;&nbsp;<a href=\"https:\/\/www.fpwr.org\/\">Fundacion&nbsp;para PWS&nbsp;Research<\/a><\/p>\n\n\n\n<p class=\"wp-block-paragraph\"><strong>Contacto:<\/strong><\/p>\n\n\n\n<p class=\"wp-block-paragraph\">\u00b7&nbsp;&nbsp;<strong>Email:&nbsp;<\/strong><a href=\"mailto:info@aspweuskadi.org\">info@aspweuskadi.org<\/a><\/p>\n","protected":false},"excerpt":{"rendered":"<p>Asociaci\u00f3n S\u00edndrome de Prader-Willi\u00a0Euskadi EUS \u00bfQu\u00e9 es el SPW? El s\u00edndrome de Prader-Willi&nbsp;es una condici\u00f3n gen\u00e9tica compleja. Se da, seg\u00fan estudios entre 1 de cada 15.000 a 25.000 nacimientos, afecta a todas las razas y a ambos sexos por igual. &nbsp;Causa Es una condici\u00f3n gen\u00e9tica que afecta a una regi\u00f3n espec\u00edfica del cromosoma 15. Ocurre [&hellip;]<\/p>\n","protected":false},"author":1,"featured_media":0,"parent":0,"menu_order":0,"comment_status":"closed","ping_status":"closed","template":"","meta":{"footnotes":""},"class_list":["post-19","page","type-page","status-publish","hentry"],"_links":{"self":[{"href":"https:\/\/aspweuskadi.org\/index.php?rest_route=\/wp\/v2\/pages\/19","targetHints":{"allow":["GET"]}}],"collection":[{"href":"https:\/\/aspweuskadi.org\/index.php?rest_route=\/wp\/v2\/pages"}],"about":[{"href":"https:\/\/aspweuskadi.org\/index.php?rest_route=\/wp\/v2\/types\/page"}],"author":[{"embeddable":true,"href":"https:\/\/aspweuskadi.org\/index.php?rest_route=\/wp\/v2\/users\/1"}],"replies":[{"embeddable":true,"href":"https:\/\/aspweuskadi.org\/index.php?rest_route=%2Fwp%2Fv2%2Fcomments&post=19"}],"version-history":[{"count":5,"href":"https:\/\/aspweuskadi.org\/index.php?rest_route=\/wp\/v2\/pages\/19\/revisions"}],"predecessor-version":[{"id":29,"href":"https:\/\/aspweuskadi.org\/index.php?rest_route=\/wp\/v2\/pages\/19\/revisions\/29"}],"wp:attachment":[{"href":"https:\/\/aspweuskadi.org\/index.php?rest_route=%2Fwp%2Fv2%2Fmedia&parent=19"}],"curies":[{"name":"wp","href":"https:\/\/api.w.org\/{rel}","templated":true}]}}